{"id":2842,"date":"2017-08-30T10:52:45","date_gmt":"2017-08-30T07:52:45","guid":{"rendered":"https:\/\/xml-io.proteusthemes.com\/growthpress\/?page_id=10"},"modified":"2023-05-31T23:35:38","modified_gmt":"2023-05-31T20:35:38","slug":"fleet-car-types","status":"publish","type":"page","link":"https:\/\/yourcar.rentals\/tr\/fleet-car-types\/","title":{"rendered":"Ara\u00e7 Kiralama Filosu"},"content":{"rendered":"<div id=\"pl-2842\"  class=\"panel-layout\" ><div id=\"pg-2842-0\"  class=\"panel-grid panel-no-style\" ><div id=\"pgc-2842-0-0\"  class=\"panel-grid-cell\" ><div id=\"panel-2842-0-0-0\" class=\"so-panel widget widget_sow-headline panel-first-child panel-last-child\" data-index=\"0\" ><div\n\t\t\t\n\t\t\tclass=\"so-widget-sow-headline so-widget-sow-headline-default-33d0094781b6-2842\"\n\t\t\t\n\t\t><div class=\"sow-headline-container\">\n\t\t\t\t\t\t\t<h1 class=\"sow-headline\">\n\t\t\t\t\t\tSELAN\u0130K - SELAN\u0130K Havaliman\u0131 ve Halkidiki&#039;de Ara\u00e7 Kiralama (Chalkidiki)\t\t\t\t\t\t<\/h1>\n\t\t\t\t\t\t\t\t\t\t\t<div class=\"decoration\">\n\t\t\t\t\t\t<div class=\"decoration-inside\"><\/div>\n\t\t\t\t\t<\/div>\n\t\t\t\t\t<\/div>\n<\/div><\/div><\/div><\/div><div id=\"pg-2842-1\"  class=\"panel-grid panel-has-style\" ><div class=\"panel-row-style panel-row-style-for-2842-1\" ><div id=\"pgc-2842-1-0\"  class=\"panel-grid-cell\" ><div id=\"panel-2842-1-0-0\" class=\"so-panel widget widget_sow-editor panel-first-child\" data-index=\"1\" ><div class=\"panel-widget-style panel-widget-style-for-2842-1-0-0\" ><div\n\t\t\t\n\t\t\tclass=\"so-widget-sow-editor so-widget-sow-editor-base\"\n\t\t\t\n\t\t>\n<div class=\"siteorigin-widget-tinymce textwidget\">\n\t<p><img loading=\"lazy\" decoding=\"async\" class=\"aligncenter wp-image-3342 size-full\" src=\"https:\/\/yourcar.rentals\/wp-content\/uploads\/Hyundai-i20-5door-2010-1b-527x386-1.jpg\" alt=\"\" width=\"527\" height=\"386\" srcset=\"https:\/\/yourcar.rentals\/wp-content\/uploads\/Hyundai-i20-5door-2010-1b-527x386-1.jpg 527w, https:\/\/yourcar.rentals\/wp-content\/uploads\/Hyundai-i20-5door-2010-1b-527x386-1-300x220.jpg 300w, https:\/\/yourcar.rentals\/wp-content\/uploads\/Hyundai-i20-5door-2010-1b-527x386-1-16x12.jpg 16w\" sizes=\"auto, (max-width: 527px) 100vw, 527px\" \/><\/p>\n<\/div>\n<\/div><\/div><\/div><div id=\"panel-2842-1-0-1\" class=\"so-panel widget widget_pw_icon_box_extended widget-icon-box-extended panel-last-child\" data-index=\"2\" ><div class=\"panel-widget-style panel-widget-style-for-2842-1-0-1\" >\n\t\t\t<div class=\"icon-box-extended\">\n\t\t\t\t<i class=\"fa\"><\/i>\n\t\t\t\t<div class=\"icon-box-extended__content\">\n\t\t\t\t\t<p class=\"h5  icon-box-extended__title\">Kiral\u0131k Hyundai i20 arabalar\u0131<\/p>\n\t\t\t\t\t<p class=\"icon-box-extended__text\">KATEGOR\u0130 A - Kiral\u0131k Hyundai i20 ECONOMY arabalar\u0131 <\/p>\n\t\t\t\t\t\t\t\t\t\t\t<a class=\"icon-box-extended__read-more\" href=\"\/tr\/book-cars\/\" target=\"_self\">Araban\u0131z\u0131 ay\u0131rt\u0131n<\/a>\n\t\t\t\t\t\t\t\t\t<\/div>\n\t\t\t<\/div>\n\n\t\t\t<\/div><\/div><\/div><div id=\"pgc-2842-1-1\"  class=\"panel-grid-cell\" ><div id=\"panel-2842-1-1-0\" class=\"so-panel widget widget_sow-editor panel-first-child\" data-index=\"3\" ><div class=\"panel-widget-style panel-widget-style-for-2842-1-1-0\" ><div\n\t\t\t\n\t\t\tclass=\"so-widget-sow-editor so-widget-sow-editor-base\"\n\t\t\t\n\t\t>\n<div class=\"siteorigin-widget-tinymce textwidget\">\n\t<p><img loading=\"lazy\" decoding=\"async\" class=\"aligncenter wp-image-3341 size-full\" src=\"https:\/\/yourcar.rentals\/wp-content\/uploads\/Chevrolet-aveo-car-rent-2-527x354-1.jpg\" alt=\"\" width=\"527\" height=\"354\" srcset=\"https:\/\/yourcar.rentals\/wp-content\/uploads\/Chevrolet-aveo-car-rent-2-527x354-1.jpg 527w, https:\/\/yourcar.rentals\/wp-content\/uploads\/Chevrolet-aveo-car-rent-2-527x354-1-300x202.jpg 300w, https:\/\/yourcar.rentals\/wp-content\/uploads\/Chevrolet-aveo-car-rent-2-527x354-1-18x12.jpg 18w, https:\/\/yourcar.rentals\/wp-content\/uploads\/Chevrolet-aveo-car-rent-2-527x354-1-272x182.jpg 272w\" sizes=\"auto, (max-width: 527px) 100vw, 527px\" \/><\/p>\n<\/div>\n<\/div><\/div><\/div><div id=\"panel-2842-1-1-1\" class=\"so-panel widget widget_pw_icon_box_extended widget-icon-box-extended panel-last-child\" data-index=\"4\" ><div class=\"panel-widget-style panel-widget-style-for-2842-1-1-1\" >\n\t\t\t<div class=\"icon-box-extended\">\n\t\t\t\t<i class=\"fa\"><\/i>\n\t\t\t\t<div class=\"icon-box-extended__content\">\n\t\t\t\t\t<p class=\"h5  icon-box-extended__title\">Kiral\u0131k Chevrolet Aveo arabalar\u0131<\/p>\n\t\t\t\t\t<p class=\"icon-box-extended__text\">KATEGOR\u0130 A - Kiral\u0131k Chevrolet Aveo ECONOMY arabalar\u0131 <\/p>\n\t\t\t\t\t\t\t\t\t\t\t<a class=\"icon-box-extended__read-more\" href=\"\/tr\/book-cars\/\" target=\"_self\">Araban\u0131z\u0131 ay\u0131rt\u0131n<\/a>\n\t\t\t\t\t\t\t\t\t<\/div>\n\t\t\t<\/div>\n\n\t\t\t<\/div><\/div><\/div><\/div><\/div><div id=\"pg-2842-2\"  class=\"panel-grid panel-has-style\" ><div class=\"panel-row-style panel-row-style-for-2842-2\" ><div id=\"pgc-2842-2-0\"  class=\"panel-grid-cell\" ><div id=\"panel-2842-2-0-0\" class=\"so-panel widget widget_sow-editor panel-first-child\" data-index=\"5\" ><div class=\"panel-widget-style panel-widget-style-for-2842-2-0-0\" ><div\n\t\t\t\n\t\t\tclass=\"so-widget-sow-editor so-widget-sow-editor-base\"\n\t\t\t\n\t\t>\n<div class=\"siteorigin-widget-tinymce textwidget\">\n\t<p><img loading=\"lazy\" decoding=\"async\" class=\"aligncenter wp-image-3340 size-full\" src=\"https:\/\/yourcar.rentals\/wp-content\/uploads\/FIAT-panda-car-rent-1b-527x361-1.jpg\" alt=\"\" width=\"527\" height=\"361\" srcset=\"https:\/\/yourcar.rentals\/wp-content\/uploads\/FIAT-panda-car-rent-1b-527x361-1.jpg 527w, https:\/\/yourcar.rentals\/wp-content\/uploads\/FIAT-panda-car-rent-1b-527x361-1-300x206.jpg 300w, https:\/\/yourcar.rentals\/wp-content\/uploads\/FIAT-panda-car-rent-1b-527x361-1-18x12.jpg 18w, https:\/\/yourcar.rentals\/wp-content\/uploads\/FIAT-panda-car-rent-1b-527x361-1-100x70.jpg 100w\" sizes=\"auto, (max-width: 527px) 100vw, 527px\" \/><\/p>\n<\/div>\n<\/div><\/div><\/div><div id=\"panel-2842-2-0-1\" class=\"so-panel widget widget_pw_icon_box_extended widget-icon-box-extended panel-last-child\" data-index=\"6\" ><div class=\"panel-widget-style panel-widget-style-for-2842-2-0-1\" >\n\t\t\t<div class=\"icon-box-extended\">\n\t\t\t\t<i class=\"fa\"><\/i>\n\t\t\t\t<div class=\"icon-box-extended__content\">\n\t\t\t\t\t<p class=\"h5  icon-box-extended__title\">FIAT Panda<\/p>\n\t\t\t\t\t<p class=\"icon-box-extended__text\">KATEGOR\u0130 A - FIAT Panda ECONOMY kiral\u0131k arabalar\u0131 <\/p>\n\t\t\t\t\t\t\t\t\t\t\t<a class=\"icon-box-extended__read-more\" href=\"\/tr\/book-cars\/\" target=\"_self\">Araban\u0131z\u0131 ay\u0131rt\u0131n<\/a>\n\t\t\t\t\t\t\t\t\t<\/div>\n\t\t\t<\/div>\n\n\t\t\t<\/div><\/div><\/div><div id=\"pgc-2842-2-1\"  class=\"panel-grid-cell\" ><div id=\"panel-2842-2-1-0\" class=\"so-panel widget widget_sow-editor panel-first-child\" data-index=\"7\" ><div class=\"panel-widget-style panel-widget-style-for-2842-2-1-0\" ><div\n\t\t\t\n\t\t\tclass=\"so-widget-sow-editor so-widget-sow-editor-base\"\n\t\t\t\n\t\t>\n<div class=\"siteorigin-widget-tinymce textwidget\">\n\t<p><img loading=\"lazy\" decoding=\"async\" class=\"aligncenter wp-image-3339 size-full\" src=\"https:\/\/yourcar.rentals\/wp-content\/uploads\/Toyota-yaris-car-rent-1a-527x359-1.jpg\" alt=\"\" width=\"527\" height=\"359\" srcset=\"https:\/\/yourcar.rentals\/wp-content\/uploads\/Toyota-yaris-car-rent-1a-527x359-1.jpg 527w, https:\/\/yourcar.rentals\/wp-content\/uploads\/Toyota-yaris-car-rent-1a-527x359-1-300x204.jpg 300w, https:\/\/yourcar.rentals\/wp-content\/uploads\/Toyota-yaris-car-rent-1a-527x359-1-18x12.jpg 18w\" sizes=\"auto, (max-width: 527px) 100vw, 527px\" \/><\/p>\n<\/div>\n<\/div><\/div><\/div><div id=\"panel-2842-2-1-1\" class=\"so-panel widget widget_pw_icon_box_extended widget-icon-box-extended panel-last-child\" data-index=\"8\" ><div class=\"panel-widget-style panel-widget-style-for-2842-2-1-1\" >\n\t\t\t<div class=\"icon-box-extended\">\n\t\t\t\t<i class=\"fa\"><\/i>\n\t\t\t\t<div class=\"icon-box-extended__content\">\n\t\t\t\t\t<p class=\"h5  icon-box-extended__title\">TOYOTA YARI\u015e<\/p>\n\t\t\t\t\t<p class=\"icon-box-extended__text\">KATEGOR\u0130 A - Kiral\u0131k Toyota Yaris ECONOMY ara\u00e7lar\u0131 <\/p>\n\t\t\t\t\t\t\t\t\t\t\t<a class=\"icon-box-extended__read-more\" href=\"\/tr\/book-cars\/\" target=\"_self\">Araban\u0131z\u0131 ay\u0131rt\u0131n<\/a>\n\t\t\t\t\t\t\t\t\t<\/div>\n\t\t\t<\/div>\n\n\t\t\t<\/div><\/div><\/div><\/div><\/div><div id=\"pg-2842-3\"  class=\"panel-grid panel-has-style\" ><div class=\"panel-row-style panel-row-style-for-2842-3\" ><div id=\"pgc-2842-3-0\"  class=\"panel-grid-cell\" ><div id=\"panel-2842-3-0-0\" class=\"so-panel widget widget_sow-editor panel-first-child\" data-index=\"9\" ><div class=\"panel-widget-style panel-widget-style-for-2842-3-0-0\" ><div\n\t\t\t\n\t\t\tclass=\"so-widget-sow-editor so-widget-sow-editor-base\"\n\t\t\t\n\t\t>\n<div class=\"siteorigin-widget-tinymce textwidget\">\n\t<p><img loading=\"lazy\" decoding=\"async\" class=\"aligncenter wp-image-3335 size-full\" src=\"https:\/\/yourcar.rentals\/wp-content\/uploads\/Nissan-Micra-car-rent-3-527x402-1.jpg\" alt=\"\" width=\"527\" height=\"402\" srcset=\"https:\/\/yourcar.rentals\/wp-content\/uploads\/Nissan-Micra-car-rent-3-527x402-1.jpg 527w, https:\/\/yourcar.rentals\/wp-content\/uploads\/Nissan-Micra-car-rent-3-527x402-1-300x229.jpg 300w, https:\/\/yourcar.rentals\/wp-content\/uploads\/Nissan-Micra-car-rent-3-527x402-1-16x12.jpg 16w\" sizes=\"auto, (max-width: 527px) 100vw, 527px\" \/><\/p>\n<\/div>\n<\/div><\/div><\/div><div id=\"panel-2842-3-0-1\" class=\"so-panel widget widget_pw_icon_box_extended widget-icon-box-extended panel-last-child\" data-index=\"10\" ><div class=\"panel-widget-style panel-widget-style-for-2842-3-0-1\" >\n\t\t\t<div class=\"icon-box-extended\">\n\t\t\t\t<i class=\"fa\"><\/i>\n\t\t\t\t<div class=\"icon-box-extended__content\">\n\t\t\t\t\t<p class=\"h5  icon-box-extended__title\">Nissan Micra<\/p>\n\t\t\t\t\t<p class=\"icon-box-extended__text\">KATEGOR\u0130 A - Kiral\u0131k Nissan Micra ECONOMY arabalar\u0131 <\/p>\n\t\t\t\t\t\t\t\t\t\t\t<a class=\"icon-box-extended__read-more\" href=\"\/tr\/book-cars\/\" target=\"_self\">Araban\u0131z\u0131 ay\u0131rt\u0131n<\/a>\n\t\t\t\t\t\t\t\t\t<\/div>\n\t\t\t<\/div>\n\n\t\t\t<\/div><\/div><\/div><div id=\"pgc-2842-3-1\"  class=\"panel-grid-cell\" ><div id=\"panel-2842-3-1-0\" class=\"so-panel widget widget_sow-editor panel-first-child\" data-index=\"11\" ><div class=\"panel-widget-style panel-widget-style-for-2842-3-1-0\" ><div\n\t\t\t\n\t\t\tclass=\"so-widget-sow-editor so-widget-sow-editor-base\"\n\t\t\t\n\t\t>\n<div class=\"siteorigin-widget-tinymce textwidget\">\n\t<p><img loading=\"lazy\" decoding=\"async\" class=\"aligncenter wp-image-3336 size-full\" src=\"https:\/\/yourcar.rentals\/wp-content\/uploads\/volkswagen-polo-car-rent-3-527x351-1.jpg\" alt=\"\" width=\"527\" height=\"351\" srcset=\"https:\/\/yourcar.rentals\/wp-content\/uploads\/volkswagen-polo-car-rent-3-527x351-1.jpg 527w, https:\/\/yourcar.rentals\/wp-content\/uploads\/volkswagen-polo-car-rent-3-527x351-1-300x200.jpg 300w, https:\/\/yourcar.rentals\/wp-content\/uploads\/volkswagen-polo-car-rent-3-527x351-1-18x12.jpg 18w, https:\/\/yourcar.rentals\/wp-content\/uploads\/volkswagen-polo-car-rent-3-527x351-1-272x182.jpg 272w\" sizes=\"auto, (max-width: 527px) 100vw, 527px\" \/><\/p>\n<\/div>\n<\/div><\/div><\/div><div id=\"panel-2842-3-1-1\" class=\"so-panel widget widget_pw_icon_box_extended widget-icon-box-extended panel-last-child\" data-index=\"12\" ><div class=\"panel-widget-style panel-widget-style-for-2842-3-1-1\" >\n\t\t\t<div class=\"icon-box-extended\">\n\t\t\t\t<i class=\"fa\"><\/i>\n\t\t\t\t<div class=\"icon-box-extended__content\">\n\t\t\t\t\t<p class=\"h5  icon-box-extended__title\">Volkswagen POLO<\/p>\n\t\t\t\t\t<p class=\"icon-box-extended__text\">KATEGOR\u0130 A - VOLKSWAGEN Polo ECONOMY kiral\u0131k arabalar\u0131 <\/p>\n\t\t\t\t\t\t\t\t\t\t\t<a class=\"icon-box-extended__read-more\" href=\"\/tr\/book-cars\/\" target=\"_self\">Araban\u0131z\u0131 ay\u0131rt\u0131n<\/a>\n\t\t\t\t\t\t\t\t\t<\/div>\n\t\t\t<\/div>\n\n\t\t\t<\/div><\/div><\/div><\/div><\/div><div id=\"pg-2842-4\"  class=\"panel-grid panel-has-style\" ><div class=\"panel-row-style panel-row-style-for-2842-4\" ><div id=\"pgc-2842-4-0\"  class=\"panel-grid-cell\" ><div id=\"panel-2842-4-0-0\" class=\"so-panel widget widget_sow-editor panel-first-child\" data-index=\"13\" ><div class=\"panel-widget-style panel-widget-style-for-2842-4-0-0\" ><div\n\t\t\t\n\t\t\tclass=\"so-widget-sow-editor so-widget-sow-editor-base\"\n\t\t\t\n\t\t>\n<div class=\"siteorigin-widget-tinymce textwidget\">\n\t<p><img loading=\"lazy\" decoding=\"async\" class=\"aligncenter wp-image-3331 size-full\" src=\"https:\/\/yourcar.rentals\/wp-content\/uploads\/volkswagen-polo-car-rent-1-527x276-1.jpg\" alt=\"\" width=\"527\" height=\"276\" srcset=\"https:\/\/yourcar.rentals\/wp-content\/uploads\/volkswagen-polo-car-rent-1-527x276-1.jpg 527w, https:\/\/yourcar.rentals\/wp-content\/uploads\/volkswagen-polo-car-rent-1-527x276-1-300x157.jpg 300w, https:\/\/yourcar.rentals\/wp-content\/uploads\/volkswagen-polo-car-rent-1-527x276-1-18x9.jpg 18w\" sizes=\"auto, (max-width: 527px) 100vw, 527px\" \/><\/p>\n<\/div>\n<\/div><\/div><\/div><div id=\"panel-2842-4-0-1\" class=\"so-panel widget widget_pw_icon_box_extended widget-icon-box-extended panel-last-child\" data-index=\"14\" ><div class=\"panel-widget-style panel-widget-style-for-2842-4-0-1\" >\n\t\t\t<div class=\"icon-box-extended\">\n\t\t\t\t<i class=\"fa\"><\/i>\n\t\t\t\t<div class=\"icon-box-extended__content\">\n\t\t\t\t\t<p class=\"h5  icon-box-extended__title\">Volkswagen POLO<\/p>\n\t\t\t\t\t<p class=\"icon-box-extended__text\">KATEGOR\u0130 A - VOLKSWAGEN Polo ECONOMY kiral\u0131k arabalar\u0131 <\/p>\n\t\t\t\t\t\t\t\t\t\t\t<a class=\"icon-box-extended__read-more\" href=\"\/tr\/book-cars\/\" target=\"_self\">Araban\u0131z\u0131 ay\u0131rt\u0131n<\/a>\n\t\t\t\t\t\t\t\t\t<\/div>\n\t\t\t<\/div>\n\n\t\t\t<\/div><\/div><\/div><div id=\"pgc-2842-4-1\"  class=\"panel-grid-cell\" ><div id=\"panel-2842-4-1-0\" class=\"so-panel widget widget_sow-editor panel-first-child\" data-index=\"15\" ><div class=\"panel-widget-style panel-widget-style-for-2842-4-1-0\" ><div\n\t\t\t\n\t\t\tclass=\"so-widget-sow-editor so-widget-sow-editor-base\"\n\t\t\t\n\t\t>\n<div class=\"siteorigin-widget-tinymce textwidget\">\n\t<p><img loading=\"lazy\" decoding=\"async\" class=\"aligncenter wp-image-3334 size-full\" src=\"https:\/\/yourcar.rentals\/wp-content\/uploads\/nissan-mikra-car-for-rent-thessaloniki-2-527x253-1.jpg\" alt=\"\" width=\"527\" height=\"253\" srcset=\"https:\/\/yourcar.rentals\/wp-content\/uploads\/nissan-mikra-car-for-rent-thessaloniki-2-527x253-1.jpg 527w, https:\/\/yourcar.rentals\/wp-content\/uploads\/nissan-mikra-car-for-rent-thessaloniki-2-527x253-1-300x144.jpg 300w, https:\/\/yourcar.rentals\/wp-content\/uploads\/nissan-mikra-car-for-rent-thessaloniki-2-527x253-1-18x9.jpg 18w\" sizes=\"auto, (max-width: 527px) 100vw, 527px\" \/><\/p>\n<\/div>\n<\/div><\/div><\/div><div id=\"panel-2842-4-1-1\" class=\"so-panel widget widget_pw_icon_box_extended widget-icon-box-extended panel-last-child\" data-index=\"16\" ><div class=\"panel-widget-style panel-widget-style-for-2842-4-1-1\" >\n\t\t\t<div class=\"icon-box-extended\">\n\t\t\t\t<i class=\"fa\"><\/i>\n\t\t\t\t<div class=\"icon-box-extended__content\">\n\t\t\t\t\t<p class=\"h5  icon-box-extended__title\">L\u00dcKS ARABALAR<\/p>\n\t\t\t\t\t<p class=\"icon-box-extended__text\">Kiral\u0131k L\u00fcks Arabalar - bize ula\u015f\u0131n<\/p>\n\t\t\t\t\t\t\t\t\t\t\t<a class=\"icon-box-extended__read-more\" href=\"\/tr\/book-cars\/\" target=\"_self\">Araban\u0131z\u0131 ay\u0131rt\u0131n<\/a>\n\t\t\t\t\t\t\t\t\t<\/div>\n\t\t\t<\/div>\n\n\t\t\t<\/div><\/div><\/div><\/div><\/div><div id=\"pg-2842-5\"  class=\"panel-grid panel-has-style\" ><div class=\"siteorigin-panels-stretch panel-row-style panel-row-style-for-2842-5\" data-stretch-type=\"full\" ><div id=\"pgc-2842-5-0\"  class=\"panel-grid-cell\" ><div id=\"panel-2842-5-0-0\" class=\"so-panel widget widget_pw_call_to_action widget-call-to-action panel-first-child panel-last-child\" data-index=\"17\" ><div class=\"book-now-in-car-fleet-class panel-widget-style panel-widget-style-for-2842-5-0-0\" id=\"book-now-in-car-fleet-widget\" >\t\t\t\t<div class=\"call-to-action\">\n\t\t\t\t\t<div class=\"call-to-action__text\">\n\t\t\t\t\t\t<h2 class=\"call-to-action__title\">\n\t\t\t\t\t\t\tARA\u00c7 K\u0130RALAMA F\u0130YATLARI\t\t\t\t\t\t<\/h2>\n\t\t\t\t\t\t\t\t\t\t\t\t<p class=\"call-to-action__subtitle\">\n\t\t\t\t\t\t\tSELAN\u0130K (\u015eehir ve Havaliman\u0131 SKG) &amp; HALKIDIKI Ara\u00e7 Kiralama Fiyatlar\u0131m\u0131z\u0131 inceleyin\t\t\t\t\t\t<\/p>\n\t\t\t\t\t\t\t\t\t\t\t<\/div>\n\t\t\t\t\t<div class=\"call-to-action__button\">\n\t\t\t\t\t\t<a class=\"btn  btn-primary\" href=\"https:\/\/yourcar.rentals\/tr\/pricing\/\" target=\"_self\"><i class=\"fa fa-phone\"><\/i>  Ara\u00e7 Kiralama Fiyatlar\u0131<\/a>\t\t\t\t\t<\/div>\n\t\t\t\t<\/div>\n\t\t\t<\/div><\/div><\/div><\/div><\/div><div id=\"pg-2842-6\"  class=\"panel-grid panel-has-style\" ><div class=\"siteorigin-panels-stretch panel-row-style panel-row-style-for-2842-6\" data-stretch-type=\"full\" ><div id=\"pgc-2842-6-0\"  class=\"panel-grid-cell\" ><div id=\"panel-2842-6-0-0\" class=\"so-panel widget widget_text panel-first-child\" data-index=\"18\" ><h3 class=\"widget-title\"><span class=\"widget-title__inline\">Selanik ve Halkidiki&#039;de ara\u00e7 kiralama rezervasyonunuzu neden bizimle yapas\u0131n\u0131z?<\/span><\/h3>\t\t\t<div class=\"textwidget\"><p>Firmam\u0131z otomotiv sekt\u00f6r\u00fcnde son y\u0131llarda ba\u015far\u0131 ile faaliyet g\u00f6stermektedir. \u0130nsan odakl\u0131 felsefemiz, her ad\u0131mda kendinizi tasas\u0131z ve g\u00fcvende hissetmenizi sa\u011flar.<\/p>\n<p>Araba kiralamak size Yunanistan&#039;\u0131n en g\u00fczel \u015fehirlerinden biri olan Selanik&#039;i gezme ve en tarihi ve \u00fcnl\u00fc b\u00f6lgelerini ekonomik, keyifli ve her \u015feyden \u00f6nce g\u00fcvenli bir \u015fekilde ke\u015ffetme f\u0131rsat\u0131 verir.<\/p>\n<p>Ofisimiz \u015fehir merkezine, tren istasyonuna, otogara ve limana birka\u00e7 dakika uzakl\u0131ktad\u0131r.<\/p>\n<p>\u015eirketin ana oda\u011f\u0131 m\u00fckemmel kalitede arabalar, g\u00fcler y\u00fczl\u00fc hizmet ve uygun fiyatlar ile, personelimiz her t\u00fcrl\u00fc ihtiyac\u0131n\u0131z i\u00e7in haz\u0131rd\u0131r.<\/p>\n<p>Firmam\u0131z\u0131n amac\u0131 en iyi kalite-fiyat oran\u0131 ile hizmet vermektir.<\/p>\n<ul>\n<li>Ara\u00e7lar\u0131m\u0131z Avrupa standartlar\u0131nda, m\u00fckemmel bak\u0131m, tam mekanik kontroll\u00fcd\u00fcr.<\/li>\n<li>\u00a0Teslim alma ve teslimat\u0131n yeri ve zamanlamas\u0131nda esneklik vard\u0131r<\/li>\n<li>\u00a0Fiyatlar d\u00fc\u015f\u00fckt\u00fcr ve birka\u00e7 ek avantaj i\u00e7erir<\/li>\n<li>\u00a0Tam sigorta se\u00e7mek m\u00fcmk\u00fcnd\u00fcr<\/li>\n<li>Filomuz s\u0131k s\u0131k yenileniyor<\/li>\n<li>Kredi\/banka kart\u0131 gerekli g\u00f6r\u00fclmez<\/li>\n<li>Garantiyi \u00f6deme ve teslimatta iade etme se\u00e7ene\u011fi vard\u0131r.<\/li>\n<li>Temel pakete toplam h\u0131rs\u0131zl\u0131k sigortas\u0131 dahildir.<\/li>\n<\/ul>\n<\/div>\n\t\t<\/div><div id=\"panel-2842-6-0-1\" class=\"so-panel widget widget_pw_icon_box_extended widget-icon-box-extended\" data-index=\"19\" >\n\t\t\t<div class=\"icon-box-extended\">\n\t\t\t\t<i class=\"fa  fa-comments-o\"><\/i>\n\t\t\t\t<div class=\"icon-box-extended__content\">\n\t\t\t\t\t<p class=\"h5  icon-box-extended__title\">YourCar.rentals Ara\u00e7 Kiralama Hizmetleri<\/p>\n\t\t\t\t\t<p class=\"icon-box-extended__text\">Firmam\u0131z otomotiv sekt\u00f6r\u00fcnde son y\u0131llarda ba\u015far\u0131 ile faaliyet g\u00f6stermektedir. \u0130nsan odakl\u0131 felsefemiz, her ad\u0131mda kendinizi tasas\u0131z ve g\u00fcvende hissetmenizi sa\u011flar.<\/p>\n\t\t\t\t\t\t\t\t\t\t\t<a class=\"icon-box-extended__read-more\" href=\"https:\/\/yourcar.rentals\/tr\/book-cars\/\" target=\"_self\">Ara\u00e7 Kiralaman\u0131z\u0131 \u015eimdi Ay\u0131rt\u0131n<\/a>\n\t\t\t\t\t\t\t\t\t<\/div>\n\t\t\t<\/div>\n\n\t\t\t<\/div><div id=\"panel-2842-6-0-2\" class=\"so-panel widget widget_pw_call_to_action widget-call-to-action panel-last-child\" data-index=\"20\" ><div class=\"book-now-in-car-fleet-class panel-widget-style panel-widget-style-for-2842-6-0-2\" id=\"book-now-in-car-fleet-widget\" >\t\t\t\t<div class=\"call-to-action\">\n\t\t\t\t\t<div class=\"call-to-action__text\">\n\t\t\t\t\t\t<h2 class=\"call-to-action__title\">\n\t\t\t\t\t\t\tSELAN\u0130K (\u015eehir ve Havaliman\u0131 SKG) &amp; HALKID\u0130K\u0130 Ara\u00e7 Kiralama Hizmetleri\t\t\t\t\t\t<\/h2>\n\t\t\t\t\t\t\t\t\t\t\t\t<p class=\"call-to-action__subtitle\">\n\t\t\t\t\t\t\tG\u00fcvenli - Yeni - G\u00fcvenilir - MAKEDONYA YUNAN\u0130STAN&#039;da Ucuz Ara\u00e7 Kiralama\t\t\t\t\t\t<\/p>\n\t\t\t\t\t\t\t\t\t\t\t<\/div>\n\t\t\t\t\t<div class=\"call-to-action__button\">\n\t\t\t\t\t\t<a class=\"btn  btn-primary\" href=\"https:\/\/yourcar.rentals\/tr\/book-cars\/\" target=\"_self\"><i class=\"fa fa-phone\"><\/i>  \u015eimdi Rezervasyon Yap<\/a>\t\t\t\t\t<\/div>\n\t\t\t\t<\/div>\n\t\t\t<\/div><\/div><\/div><\/div><\/div><div id=\"pg-2842-7\"  class=\"panel-grid panel-no-style\" ><div id=\"pgc-2842-7-0\"  class=\"panel-grid-cell\" ><div id=\"panel-2842-7-0-0\" class=\"so-panel widget widget_sow-editor panel-first-child\" data-index=\"21\" ><div\n\t\t\t\n\t\t\tclass=\"so-widget-sow-editor so-widget-sow-editor-base\"\n\t\t\t\n\t\t>\n<div class=\"siteorigin-widget-tinymce textwidget\">\n\t<hr \/>\n<\/div>\n<\/div><\/div><div id=\"panel-2842-7-0-1\" class=\"so-panel widget widget_sow-editor\" data-index=\"22\" ><div\n\t\t\t\n\t\t\tclass=\"so-widget-sow-editor so-widget-sow-editor-base\"\n\t\t\t\n\t\t>\n<div class=\"siteorigin-widget-tinymce textwidget\">\n\t<h3 style=\"text-align: center; color: #0d6ed5;\">L\u00fcks, Premium Kiral\u0131k Arabalar s\u00fcrpriz fiyatlarla sunuluyor!<\/h3>\n<\/div>\n<\/div><\/div><div id=\"panel-2842-7-0-2\" class=\"so-panel widget widget_sow-image\" data-index=\"23\" ><div class=\"luxurious-cars-rental panel-widget-style panel-widget-style-for-2842-7-0-2\" id=\"luxurious-cars-rental\" ><div\n\t\t\t\n\t\t\tclass=\"so-widget-sow-image so-widget-sow-image-default-113ccd71f3e6-2842\"\n\t\t\t\n\t\t>\n<div class=\"sow-image-container\">\n\t\t<img \n\tsrc=\"https:\/\/yourcar.rentals\/wp-content\/uploads\/01-luxurious-cars-for-rent-thessaloniki-airport-halkidiki-2-1150x315-1.jpg\" width=\"1150\" height=\"315\" srcset=\"https:\/\/yourcar.rentals\/wp-content\/uploads\/01-luxurious-cars-for-rent-thessaloniki-airport-halkidiki-2-1150x315-1.jpg 1150w, https:\/\/yourcar.rentals\/wp-content\/uploads\/01-luxurious-cars-for-rent-thessaloniki-airport-halkidiki-2-1150x315-1-300x82.jpg 300w, https:\/\/yourcar.rentals\/wp-content\/uploads\/01-luxurious-cars-for-rent-thessaloniki-airport-halkidiki-2-1150x315-1-1024x280.jpg 1024w, https:\/\/yourcar.rentals\/wp-content\/uploads\/01-luxurious-cars-for-rent-thessaloniki-airport-halkidiki-2-1150x315-1-768x210.jpg 768w, https:\/\/yourcar.rentals\/wp-content\/uploads\/01-luxurious-cars-for-rent-thessaloniki-airport-halkidiki-2-1150x315-1-18x5.jpg 18w\" sizes=\"(max-width: 1150px) 100vw, 1150px\" title=\"Luxurious cars for rent in Thessaloniki Macedonia Greece\" alt=\"L\u00fcks, Premium Kiral\u0131k Arabalar \u015fa\u015f\u0131rt\u0131c\u0131 fiyatlarla sunuluyor\" \t\tclass=\"so-widget-image\"\/>\n\t<\/div>\n\n<\/div><\/div><\/div><div id=\"panel-2842-7-0-3\" class=\"so-panel widget widget_sow-editor panel-last-child\" data-index=\"24\" ><div\n\t\t\t\n\t\t\tclass=\"so-widget-sow-editor so-widget-sow-editor-base\"\n\t\t\t\n\t\t>\n<div class=\"siteorigin-widget-tinymce textwidget\">\n\t<p style=\"text-align: center;\">...Selanik - Halkidiki - Selanik Havaliman\u0131 b\u00f6lgesindeki l\u00fcks ara\u00e7 kiralama hizmetlerimiz i\u00e7in \u00fccretsiz fiyat teklifi al\u0131n<\/p>\n<\/div>\n<\/div><\/div><\/div><\/div><\/div>","protected":false},"excerpt":{"rendered":"<p>SELAN\u0130K - SELAN\u0130K Havaalan\u0131 &amp; HALKIDIKI (Chalkidiki) Kiral\u0131k Hyundai i20 arabalar KATEGOR\u0130 A \u2013 Kiral\u0131k Hyundai i20 EKONOM\u0130 arabalar Araban\u0131z\u0131 Ay\u0131r\u0131n Kiral\u0131k Chevrolet Aveo arabalar KATEGOR\u0130 A \u2013 Kiral\u0131k Chevrolet Aveo EKONOM\u0130 arabalar Araban\u0131z\u0131 Rezervasyon Yap\u0131n FIAT Panda KATEGOR\u0130 A \u2013 FIAT Panda ECONOMY arabalar\u0131\u2026<\/p>","protected":false},"author":1,"featured_media":0,"parent":0,"menu_order":0,"comment_status":"closed","ping_status":"closed","template":"","meta":{"_acf_changed":false,"footnotes":""},"class_list":{"0":"post-2842","1":"page","2":"type-page","3":"status-publish","5":"clearfix","6":"article"},"acf":[],"_links":{"self":[{"href":"https:\/\/yourcar.rentals\/tr\/wp-json\/wp\/v2\/pages\/2842","targetHints":{"allow":["GET"]}}],"collection":[{"href":"https:\/\/yourcar.rentals\/tr\/wp-json\/wp\/v2\/pages"}],"about":[{"href":"https:\/\/yourcar.rentals\/tr\/wp-json\/wp\/v2\/types\/page"}],"author":[{"embeddable":true,"href":"https:\/\/yourcar.rentals\/tr\/wp-json\/wp\/v2\/users\/1"}],"replies":[{"embeddable":true,"href":"https:\/\/yourcar.rentals\/tr\/wp-json\/wp\/v2\/comments?post=2842"}],"version-history":[{"count":0,"href":"https:\/\/yourcar.rentals\/tr\/wp-json\/wp\/v2\/pages\/2842\/revisions"}],"wp:attachment":[{"href":"https:\/\/yourcar.rentals\/tr\/wp-json\/wp\/v2\/media?parent=2842"}],"curies":[{"name":"wp","href":"https:\/\/api.w.org\/{rel}","templated":true}]}}