{"id":2842,"date":"2017-08-30T10:52:45","date_gmt":"2017-08-30T07:52:45","guid":{"rendered":"https:\/\/xml-io.proteusthemes.com\/growthpress\/?page_id=10"},"modified":"2023-05-31T23:35:38","modified_gmt":"2023-05-31T20:35:38","slug":"fleet-car-types","status":"publish","type":"page","link":"https:\/\/yourcar.rentals\/de\/fleet-car-types\/","title":{"rendered":"Mietwagenflotte"},"content":{"rendered":"<div id=\"pl-2842\"  class=\"panel-layout\" ><div id=\"pg-2842-0\"  class=\"panel-grid panel-no-style\" ><div id=\"pgc-2842-0-0\"  class=\"panel-grid-cell\" ><div id=\"panel-2842-0-0-0\" class=\"so-panel widget widget_sow-headline panel-first-child panel-last-child\" data-index=\"0\" ><div\n\t\t\t\n\t\t\tclass=\"so-widget-sow-headline so-widget-sow-headline-default-33d0094781b6-2842\"\n\t\t\t\n\t\t><div class=\"sow-headline-container\">\n\t\t\t\t\t\t\t<h1 class=\"sow-headline\">\n\t\t\t\t\t\tMietwagen in THESSALONIKI - Flughafen THESSALONIKI &amp; CHALKIDIKI (Chalkidiki)\t\t\t\t\t\t<\/h1>\n\t\t\t\t\t\t\t\t\t\t\t<div class=\"decoration\">\n\t\t\t\t\t\t<div class=\"decoration-inside\"><\/div>\n\t\t\t\t\t<\/div>\n\t\t\t\t\t<\/div>\n<\/div><\/div><\/div><\/div><div id=\"pg-2842-1\"  class=\"panel-grid panel-has-style\" ><div class=\"panel-row-style panel-row-style-for-2842-1\" ><div id=\"pgc-2842-1-0\"  class=\"panel-grid-cell\" ><div id=\"panel-2842-1-0-0\" class=\"so-panel widget widget_sow-editor panel-first-child\" data-index=\"1\" ><div class=\"panel-widget-style panel-widget-style-for-2842-1-0-0\" ><div\n\t\t\t\n\t\t\tclass=\"so-widget-sow-editor so-widget-sow-editor-base\"\n\t\t\t\n\t\t>\n<div class=\"siteorigin-widget-tinymce textwidget\">\n\t<p><img loading=\"lazy\" decoding=\"async\" class=\"aligncenter wp-image-3342 size-full\" src=\"https:\/\/yourcar.rentals\/wp-content\/uploads\/Hyundai-i20-5door-2010-1b-527x386-1.jpg\" alt=\"\" width=\"527\" height=\"386\" srcset=\"https:\/\/yourcar.rentals\/wp-content\/uploads\/Hyundai-i20-5door-2010-1b-527x386-1.jpg 527w, https:\/\/yourcar.rentals\/wp-content\/uploads\/Hyundai-i20-5door-2010-1b-527x386-1-300x220.jpg 300w, https:\/\/yourcar.rentals\/wp-content\/uploads\/Hyundai-i20-5door-2010-1b-527x386-1-16x12.jpg 16w\" sizes=\"auto, (max-width: 527px) 100vw, 527px\" \/><\/p>\n<\/div>\n<\/div><\/div><\/div><div id=\"panel-2842-1-0-1\" class=\"so-panel widget widget_pw_icon_box_extended widget-icon-box-extended panel-last-child\" data-index=\"2\" ><div class=\"panel-widget-style panel-widget-style-for-2842-1-0-1\" >\n\t\t\t<div class=\"icon-box-extended\">\n\t\t\t\t<i class=\"fa\"><\/i>\n\t\t\t\t<div class=\"icon-box-extended__content\">\n\t\t\t\t\t<p class=\"h5  icon-box-extended__title\">Mietwagen Hyundai i20<\/p>\n\t\t\t\t\t<p class=\"icon-box-extended__text\">KATEGORIE A - Mietwagen Hyundai i20 ECONOMY <\/p>\n\t\t\t\t\t\t\t\t\t\t\t<a class=\"icon-box-extended__read-more\" href=\"\/de\/book-cars\/\" target=\"_self\">Buchen Sie Ihr Auto<\/a>\n\t\t\t\t\t\t\t\t\t<\/div>\n\t\t\t<\/div>\n\n\t\t\t<\/div><\/div><\/div><div id=\"pgc-2842-1-1\"  class=\"panel-grid-cell\" ><div id=\"panel-2842-1-1-0\" class=\"so-panel widget widget_sow-editor panel-first-child\" data-index=\"3\" ><div class=\"panel-widget-style panel-widget-style-for-2842-1-1-0\" ><div\n\t\t\t\n\t\t\tclass=\"so-widget-sow-editor so-widget-sow-editor-base\"\n\t\t\t\n\t\t>\n<div class=\"siteorigin-widget-tinymce textwidget\">\n\t<p><img loading=\"lazy\" decoding=\"async\" class=\"aligncenter wp-image-3341 size-full\" src=\"https:\/\/yourcar.rentals\/wp-content\/uploads\/Chevrolet-aveo-car-rent-2-527x354-1.jpg\" alt=\"\" width=\"527\" height=\"354\" srcset=\"https:\/\/yourcar.rentals\/wp-content\/uploads\/Chevrolet-aveo-car-rent-2-527x354-1.jpg 527w, https:\/\/yourcar.rentals\/wp-content\/uploads\/Chevrolet-aveo-car-rent-2-527x354-1-300x202.jpg 300w, https:\/\/yourcar.rentals\/wp-content\/uploads\/Chevrolet-aveo-car-rent-2-527x354-1-18x12.jpg 18w, https:\/\/yourcar.rentals\/wp-content\/uploads\/Chevrolet-aveo-car-rent-2-527x354-1-272x182.jpg 272w\" sizes=\"auto, (max-width: 527px) 100vw, 527px\" \/><\/p>\n<\/div>\n<\/div><\/div><\/div><div id=\"panel-2842-1-1-1\" class=\"so-panel widget widget_pw_icon_box_extended widget-icon-box-extended panel-last-child\" data-index=\"4\" ><div class=\"panel-widget-style panel-widget-style-for-2842-1-1-1\" >\n\t\t\t<div class=\"icon-box-extended\">\n\t\t\t\t<i class=\"fa\"><\/i>\n\t\t\t\t<div class=\"icon-box-extended__content\">\n\t\t\t\t\t<p class=\"h5  icon-box-extended__title\">Chevrolet Aveo Mietwagen<\/p>\n\t\t\t\t\t<p class=\"icon-box-extended__text\">KATEGORIE A - Mietwagen Chevrolet Aveo ECONOMY <\/p>\n\t\t\t\t\t\t\t\t\t\t\t<a class=\"icon-box-extended__read-more\" href=\"\/de\/book-cars\/\" target=\"_self\">Buchen Sie Ihr Auto<\/a>\n\t\t\t\t\t\t\t\t\t<\/div>\n\t\t\t<\/div>\n\n\t\t\t<\/div><\/div><\/div><\/div><\/div><div id=\"pg-2842-2\"  class=\"panel-grid panel-has-style\" ><div class=\"panel-row-style panel-row-style-for-2842-2\" ><div id=\"pgc-2842-2-0\"  class=\"panel-grid-cell\" ><div id=\"panel-2842-2-0-0\" class=\"so-panel widget widget_sow-editor panel-first-child\" data-index=\"5\" ><div class=\"panel-widget-style panel-widget-style-for-2842-2-0-0\" ><div\n\t\t\t\n\t\t\tclass=\"so-widget-sow-editor so-widget-sow-editor-base\"\n\t\t\t\n\t\t>\n<div class=\"siteorigin-widget-tinymce textwidget\">\n\t<p><img loading=\"lazy\" decoding=\"async\" class=\"aligncenter wp-image-3340 size-full\" src=\"https:\/\/yourcar.rentals\/wp-content\/uploads\/FIAT-panda-car-rent-1b-527x361-1.jpg\" alt=\"\" width=\"527\" height=\"361\" srcset=\"https:\/\/yourcar.rentals\/wp-content\/uploads\/FIAT-panda-car-rent-1b-527x361-1.jpg 527w, https:\/\/yourcar.rentals\/wp-content\/uploads\/FIAT-panda-car-rent-1b-527x361-1-300x206.jpg 300w, https:\/\/yourcar.rentals\/wp-content\/uploads\/FIAT-panda-car-rent-1b-527x361-1-18x12.jpg 18w, https:\/\/yourcar.rentals\/wp-content\/uploads\/FIAT-panda-car-rent-1b-527x361-1-100x70.jpg 100w\" sizes=\"auto, (max-width: 527px) 100vw, 527px\" \/><\/p>\n<\/div>\n<\/div><\/div><\/div><div id=\"panel-2842-2-0-1\" class=\"so-panel widget widget_pw_icon_box_extended widget-icon-box-extended panel-last-child\" data-index=\"6\" ><div class=\"panel-widget-style panel-widget-style-for-2842-2-0-1\" >\n\t\t\t<div class=\"icon-box-extended\">\n\t\t\t\t<i class=\"fa\"><\/i>\n\t\t\t\t<div class=\"icon-box-extended__content\">\n\t\t\t\t\t<p class=\"h5  icon-box-extended__title\">FIAT-Panda<\/p>\n\t\t\t\t\t<p class=\"icon-box-extended__text\">KATEGORIE A - Mietwagen FIAT Panda ECONOMY <\/p>\n\t\t\t\t\t\t\t\t\t\t\t<a class=\"icon-box-extended__read-more\" href=\"\/de\/book-cars\/\" target=\"_self\">Buchen Sie Ihr Auto<\/a>\n\t\t\t\t\t\t\t\t\t<\/div>\n\t\t\t<\/div>\n\n\t\t\t<\/div><\/div><\/div><div id=\"pgc-2842-2-1\"  class=\"panel-grid-cell\" ><div id=\"panel-2842-2-1-0\" class=\"so-panel widget widget_sow-editor panel-first-child\" data-index=\"7\" ><div class=\"panel-widget-style panel-widget-style-for-2842-2-1-0\" ><div\n\t\t\t\n\t\t\tclass=\"so-widget-sow-editor so-widget-sow-editor-base\"\n\t\t\t\n\t\t>\n<div class=\"siteorigin-widget-tinymce textwidget\">\n\t<p><img loading=\"lazy\" decoding=\"async\" class=\"aligncenter wp-image-3339 size-full\" src=\"https:\/\/yourcar.rentals\/wp-content\/uploads\/Toyota-yaris-car-rent-1a-527x359-1.jpg\" alt=\"\" width=\"527\" height=\"359\" srcset=\"https:\/\/yourcar.rentals\/wp-content\/uploads\/Toyota-yaris-car-rent-1a-527x359-1.jpg 527w, https:\/\/yourcar.rentals\/wp-content\/uploads\/Toyota-yaris-car-rent-1a-527x359-1-300x204.jpg 300w, https:\/\/yourcar.rentals\/wp-content\/uploads\/Toyota-yaris-car-rent-1a-527x359-1-18x12.jpg 18w\" sizes=\"auto, (max-width: 527px) 100vw, 527px\" \/><\/p>\n<\/div>\n<\/div><\/div><\/div><div id=\"panel-2842-2-1-1\" class=\"so-panel widget widget_pw_icon_box_extended widget-icon-box-extended panel-last-child\" data-index=\"8\" ><div class=\"panel-widget-style panel-widget-style-for-2842-2-1-1\" >\n\t\t\t<div class=\"icon-box-extended\">\n\t\t\t\t<i class=\"fa\"><\/i>\n\t\t\t\t<div class=\"icon-box-extended__content\">\n\t\t\t\t\t<p class=\"h5  icon-box-extended__title\">Toyota Yaris<\/p>\n\t\t\t\t\t<p class=\"icon-box-extended__text\">KATEGORIE A - Mietwagen Toyota Yaris ECONOMY <\/p>\n\t\t\t\t\t\t\t\t\t\t\t<a class=\"icon-box-extended__read-more\" href=\"\/de\/book-cars\/\" target=\"_self\">Buchen Sie Ihr Auto<\/a>\n\t\t\t\t\t\t\t\t\t<\/div>\n\t\t\t<\/div>\n\n\t\t\t<\/div><\/div><\/div><\/div><\/div><div id=\"pg-2842-3\"  class=\"panel-grid panel-has-style\" ><div class=\"panel-row-style panel-row-style-for-2842-3\" ><div id=\"pgc-2842-3-0\"  class=\"panel-grid-cell\" ><div id=\"panel-2842-3-0-0\" class=\"so-panel widget widget_sow-editor panel-first-child\" data-index=\"9\" ><div class=\"panel-widget-style panel-widget-style-for-2842-3-0-0\" ><div\n\t\t\t\n\t\t\tclass=\"so-widget-sow-editor so-widget-sow-editor-base\"\n\t\t\t\n\t\t>\n<div class=\"siteorigin-widget-tinymce textwidget\">\n\t<p><img loading=\"lazy\" decoding=\"async\" class=\"aligncenter wp-image-3335 size-full\" src=\"https:\/\/yourcar.rentals\/wp-content\/uploads\/Nissan-Micra-car-rent-3-527x402-1.jpg\" alt=\"\" width=\"527\" height=\"402\" srcset=\"https:\/\/yourcar.rentals\/wp-content\/uploads\/Nissan-Micra-car-rent-3-527x402-1.jpg 527w, https:\/\/yourcar.rentals\/wp-content\/uploads\/Nissan-Micra-car-rent-3-527x402-1-300x229.jpg 300w, https:\/\/yourcar.rentals\/wp-content\/uploads\/Nissan-Micra-car-rent-3-527x402-1-16x12.jpg 16w\" sizes=\"auto, (max-width: 527px) 100vw, 527px\" \/><\/p>\n<\/div>\n<\/div><\/div><\/div><div id=\"panel-2842-3-0-1\" class=\"so-panel widget widget_pw_icon_box_extended widget-icon-box-extended panel-last-child\" data-index=\"10\" ><div class=\"panel-widget-style panel-widget-style-for-2842-3-0-1\" >\n\t\t\t<div class=\"icon-box-extended\">\n\t\t\t\t<i class=\"fa\"><\/i>\n\t\t\t\t<div class=\"icon-box-extended__content\">\n\t\t\t\t\t<p class=\"h5  icon-box-extended__title\">Nissan Micra<\/p>\n\t\t\t\t\t<p class=\"icon-box-extended__text\">KATEGORIE A - Mietwagen Nissan Micra ECONOMY <\/p>\n\t\t\t\t\t\t\t\t\t\t\t<a class=\"icon-box-extended__read-more\" href=\"\/de\/book-cars\/\" target=\"_self\">Buchen Sie Ihr Auto<\/a>\n\t\t\t\t\t\t\t\t\t<\/div>\n\t\t\t<\/div>\n\n\t\t\t<\/div><\/div><\/div><div id=\"pgc-2842-3-1\"  class=\"panel-grid-cell\" ><div id=\"panel-2842-3-1-0\" class=\"so-panel widget widget_sow-editor panel-first-child\" data-index=\"11\" ><div class=\"panel-widget-style panel-widget-style-for-2842-3-1-0\" ><div\n\t\t\t\n\t\t\tclass=\"so-widget-sow-editor so-widget-sow-editor-base\"\n\t\t\t\n\t\t>\n<div class=\"siteorigin-widget-tinymce textwidget\">\n\t<p><img loading=\"lazy\" decoding=\"async\" class=\"aligncenter wp-image-3336 size-full\" src=\"https:\/\/yourcar.rentals\/wp-content\/uploads\/volkswagen-polo-car-rent-3-527x351-1.jpg\" alt=\"\" width=\"527\" height=\"351\" srcset=\"https:\/\/yourcar.rentals\/wp-content\/uploads\/volkswagen-polo-car-rent-3-527x351-1.jpg 527w, https:\/\/yourcar.rentals\/wp-content\/uploads\/volkswagen-polo-car-rent-3-527x351-1-300x200.jpg 300w, https:\/\/yourcar.rentals\/wp-content\/uploads\/volkswagen-polo-car-rent-3-527x351-1-18x12.jpg 18w, https:\/\/yourcar.rentals\/wp-content\/uploads\/volkswagen-polo-car-rent-3-527x351-1-272x182.jpg 272w\" sizes=\"auto, (max-width: 527px) 100vw, 527px\" \/><\/p>\n<\/div>\n<\/div><\/div><\/div><div id=\"panel-2842-3-1-1\" class=\"so-panel widget widget_pw_icon_box_extended widget-icon-box-extended panel-last-child\" data-index=\"12\" ><div class=\"panel-widget-style panel-widget-style-for-2842-3-1-1\" >\n\t\t\t<div class=\"icon-box-extended\">\n\t\t\t\t<i class=\"fa\"><\/i>\n\t\t\t\t<div class=\"icon-box-extended__content\">\n\t\t\t\t\t<p class=\"h5  icon-box-extended__title\">Volkswagen POLO<\/p>\n\t\t\t\t\t<p class=\"icon-box-extended__text\">KATEGORIE A - VOLKSWAGEN Polo ECONOMY Mietwagen <\/p>\n\t\t\t\t\t\t\t\t\t\t\t<a class=\"icon-box-extended__read-more\" href=\"\/de\/book-cars\/\" target=\"_self\">Buchen Sie Ihr Auto<\/a>\n\t\t\t\t\t\t\t\t\t<\/div>\n\t\t\t<\/div>\n\n\t\t\t<\/div><\/div><\/div><\/div><\/div><div id=\"pg-2842-4\"  class=\"panel-grid panel-has-style\" ><div class=\"panel-row-style panel-row-style-for-2842-4\" ><div id=\"pgc-2842-4-0\"  class=\"panel-grid-cell\" ><div id=\"panel-2842-4-0-0\" class=\"so-panel widget widget_sow-editor panel-first-child\" data-index=\"13\" ><div class=\"panel-widget-style panel-widget-style-for-2842-4-0-0\" ><div\n\t\t\t\n\t\t\tclass=\"so-widget-sow-editor so-widget-sow-editor-base\"\n\t\t\t\n\t\t>\n<div class=\"siteorigin-widget-tinymce textwidget\">\n\t<p><img loading=\"lazy\" decoding=\"async\" class=\"aligncenter wp-image-3331 size-full\" src=\"https:\/\/yourcar.rentals\/wp-content\/uploads\/volkswagen-polo-car-rent-1-527x276-1.jpg\" alt=\"\" width=\"527\" height=\"276\" srcset=\"https:\/\/yourcar.rentals\/wp-content\/uploads\/volkswagen-polo-car-rent-1-527x276-1.jpg 527w, https:\/\/yourcar.rentals\/wp-content\/uploads\/volkswagen-polo-car-rent-1-527x276-1-300x157.jpg 300w, https:\/\/yourcar.rentals\/wp-content\/uploads\/volkswagen-polo-car-rent-1-527x276-1-18x9.jpg 18w\" sizes=\"auto, (max-width: 527px) 100vw, 527px\" \/><\/p>\n<\/div>\n<\/div><\/div><\/div><div id=\"panel-2842-4-0-1\" class=\"so-panel widget widget_pw_icon_box_extended widget-icon-box-extended panel-last-child\" data-index=\"14\" ><div class=\"panel-widget-style panel-widget-style-for-2842-4-0-1\" >\n\t\t\t<div class=\"icon-box-extended\">\n\t\t\t\t<i class=\"fa\"><\/i>\n\t\t\t\t<div class=\"icon-box-extended__content\">\n\t\t\t\t\t<p class=\"h5  icon-box-extended__title\">Volkswagen POLO<\/p>\n\t\t\t\t\t<p class=\"icon-box-extended__text\">KATEGORIE A - VOLKSWAGEN Polo ECONOMY Mietwagen <\/p>\n\t\t\t\t\t\t\t\t\t\t\t<a class=\"icon-box-extended__read-more\" href=\"\/de\/book-cars\/\" target=\"_self\">Buchen Sie Ihr Auto<\/a>\n\t\t\t\t\t\t\t\t\t<\/div>\n\t\t\t<\/div>\n\n\t\t\t<\/div><\/div><\/div><div id=\"pgc-2842-4-1\"  class=\"panel-grid-cell\" ><div id=\"panel-2842-4-1-0\" class=\"so-panel widget widget_sow-editor panel-first-child\" data-index=\"15\" ><div class=\"panel-widget-style panel-widget-style-for-2842-4-1-0\" ><div\n\t\t\t\n\t\t\tclass=\"so-widget-sow-editor so-widget-sow-editor-base\"\n\t\t\t\n\t\t>\n<div class=\"siteorigin-widget-tinymce textwidget\">\n\t<p><img loading=\"lazy\" decoding=\"async\" class=\"aligncenter wp-image-3334 size-full\" src=\"https:\/\/yourcar.rentals\/wp-content\/uploads\/nissan-mikra-car-for-rent-thessaloniki-2-527x253-1.jpg\" alt=\"\" width=\"527\" height=\"253\" srcset=\"https:\/\/yourcar.rentals\/wp-content\/uploads\/nissan-mikra-car-for-rent-thessaloniki-2-527x253-1.jpg 527w, https:\/\/yourcar.rentals\/wp-content\/uploads\/nissan-mikra-car-for-rent-thessaloniki-2-527x253-1-300x144.jpg 300w, https:\/\/yourcar.rentals\/wp-content\/uploads\/nissan-mikra-car-for-rent-thessaloniki-2-527x253-1-18x9.jpg 18w\" sizes=\"auto, (max-width: 527px) 100vw, 527px\" \/><\/p>\n<\/div>\n<\/div><\/div><\/div><div id=\"panel-2842-4-1-1\" class=\"so-panel widget widget_pw_icon_box_extended widget-icon-box-extended panel-last-child\" data-index=\"16\" ><div class=\"panel-widget-style panel-widget-style-for-2842-4-1-1\" >\n\t\t\t<div class=\"icon-box-extended\">\n\t\t\t\t<i class=\"fa\"><\/i>\n\t\t\t\t<div class=\"icon-box-extended__content\">\n\t\t\t\t\t<p class=\"h5  icon-box-extended__title\">LUXUSAUTOS<\/p>\n\t\t\t\t\t<p class=\"icon-box-extended__text\">Luxuri\u00f6se Mietwagen - kontaktieren Sie uns<\/p>\n\t\t\t\t\t\t\t\t\t\t\t<a class=\"icon-box-extended__read-more\" href=\"\/de\/book-cars\/\" target=\"_self\">Buchen Sie Ihr Auto<\/a>\n\t\t\t\t\t\t\t\t\t<\/div>\n\t\t\t<\/div>\n\n\t\t\t<\/div><\/div><\/div><\/div><\/div><div id=\"pg-2842-5\"  class=\"panel-grid panel-has-style\" ><div class=\"siteorigin-panels-stretch panel-row-style panel-row-style-for-2842-5\" data-stretch-type=\"full\" ><div id=\"pgc-2842-5-0\"  class=\"panel-grid-cell\" ><div id=\"panel-2842-5-0-0\" class=\"so-panel widget widget_pw_call_to_action widget-call-to-action panel-first-child panel-last-child\" data-index=\"17\" ><div class=\"book-now-in-car-fleet-class panel-widget-style panel-widget-style-for-2842-5-0-0\" id=\"book-now-in-car-fleet-widget\" >\t\t\t\t<div class=\"call-to-action\">\n\t\t\t\t\t<div class=\"call-to-action__text\">\n\t\t\t\t\t\t<h2 class=\"call-to-action__title\">\n\t\t\t\t\t\t\tPREISE f\u00fcr MIETWAGEN\t\t\t\t\t\t<\/h2>\n\t\t\t\t\t\t\t\t\t\t\t\t<p class=\"call-to-action__subtitle\">\n\t\t\t\t\t\t\tSchauen Sie sich unsere Mietwagenpreise f\u00fcr THESSALONIKI (Stadt und Flughafen SKG) &amp; CHALKIDIKI an\t\t\t\t\t\t<\/p>\n\t\t\t\t\t\t\t\t\t\t\t<\/div>\n\t\t\t\t\t<div class=\"call-to-action__button\">\n\t\t\t\t\t\t<a class=\"btn  btn-primary\" href=\"https:\/\/yourcar.rentals\/de\/pricing\/\" target=\"_self\"><i class=\"fa fa-phone\"><\/i>  Preise f\u00fcr Mietwagen<\/a>\t\t\t\t\t<\/div>\n\t\t\t\t<\/div>\n\t\t\t<\/div><\/div><\/div><\/div><\/div><div id=\"pg-2842-6\"  class=\"panel-grid panel-has-style\" ><div class=\"siteorigin-panels-stretch panel-row-style panel-row-style-for-2842-6\" data-stretch-type=\"full\" ><div id=\"pgc-2842-6-0\"  class=\"panel-grid-cell\" ><div id=\"panel-2842-6-0-0\" class=\"so-panel widget widget_text panel-first-child\" data-index=\"18\" ><h3 class=\"widget-title\"><span class=\"widget-title__inline\">Warum buchen Sie Ihren Mietwagen in Thessaloniki &amp; Chalkidiki bei uns!<\/span><\/h3>\t\t\t<div class=\"textwidget\"><p>Unser Unternehmen ist in den letzten Jahren erfolgreich im Automotive-Bereich t\u00e4tig. Unsere auf den Menschen ausgerichtete Philosophie sorgt daf\u00fcr, dass Sie sich bei jedem Schritt sorglos und sicher f\u00fchlen.<\/p>\n<p>Ein Mietwagen gibt Ihnen die M\u00f6glichkeit, eine der sch\u00f6nsten St\u00e4dte Griechenlands, Thessaloniki, zu besichtigen und ihre geschichtstr\u00e4chtigsten und ber\u00fchmtesten Gegenden wirtschaftlich, angenehm und vor allem sicher zu erkunden.<\/p>\n<p>Unser B\u00fcro ist nur wenige Minuten vom Stadtzentrum, Bahnhof, Busbahnhof und Hafen entfernt.<\/p>\n<p>Mit dem Hauptaugenmerk des Unternehmens auf der Bereitstellung von Fahrzeugen von ausgezeichneter Qualit\u00e4t, freundlichem Service und erschwinglichen Preisen stehen unsere Mitarbeiter f\u00fcr alle Ihre Bed\u00fcrfnisse zur Verf\u00fcgung.<\/p>\n<p>Das Ziel unseres Unternehmens ist es, Dienstleistungen mit dem besten Preis-Leistungs-Verh\u00e4ltnis anzubieten, wie:<\/p>\n<ul>\n<li>Unsere Autos entsprechen europ\u00e4ischen Standards, sind ausgezeichnet gewartet und verf\u00fcgen \u00fcber eine vollst\u00e4ndige mechanische Kontrolle<\/li>\n<li>\u00a0Ort und Zeitpunkt der Abholung und Lieferung sind flexibel<\/li>\n<li>\u00a0Die Preise sind niedrig und beinhalten mehrere zus\u00e4tzliche Vorteile<\/li>\n<li>\u00a0Es besteht die M\u00f6glichkeit, eine Vollversicherung zu w\u00e4hlen<\/li>\n<li>Unser Fuhrpark wird regelm\u00e4\u00dfig erneuert<\/li>\n<li>Eine Kredit-\/Debitkarte wird nicht als notwendig erachtet<\/li>\n<li>Es besteht die M\u00f6glichkeit, die Garantie zu bezahlen und sie bei Lieferung zur\u00fcckzugeben<\/li>\n<li>Die Vollkaskoversicherung ist im Basispaket enthalten.<\/li>\n<\/ul>\n<\/div>\n\t\t<\/div><div id=\"panel-2842-6-0-1\" class=\"so-panel widget widget_pw_icon_box_extended widget-icon-box-extended\" data-index=\"19\" >\n\t\t\t<div class=\"icon-box-extended\">\n\t\t\t\t<i class=\"fa  fa-comments-o\"><\/i>\n\t\t\t\t<div class=\"icon-box-extended__content\">\n\t\t\t\t\t<p class=\"h5  icon-box-extended__title\">Autovermietung von YourCar.rentals<\/p>\n\t\t\t\t\t<p class=\"icon-box-extended__text\">Unser Unternehmen ist in den letzten Jahren erfolgreich in der Automobilbranche t\u00e4tig. Unsere auf den Menschen ausgerichtete Philosophie sorgt daf\u00fcr, dass Sie sich bei jedem Schritt sorglos und sicher f\u00fchlen<\/p>\n\t\t\t\t\t\t\t\t\t\t\t<a class=\"icon-box-extended__read-more\" href=\"https:\/\/yourcar.rentals\/de\/book-cars\/\" target=\"_self\">Buchen Sie jetzt Ihren Mietwagen<\/a>\n\t\t\t\t\t\t\t\t\t<\/div>\n\t\t\t<\/div>\n\n\t\t\t<\/div><div id=\"panel-2842-6-0-2\" class=\"so-panel widget widget_pw_call_to_action widget-call-to-action panel-last-child\" data-index=\"20\" ><div class=\"book-now-in-car-fleet-class panel-widget-style panel-widget-style-for-2842-6-0-2\" id=\"book-now-in-car-fleet-widget\" >\t\t\t\t<div class=\"call-to-action\">\n\t\t\t\t\t<div class=\"call-to-action__text\">\n\t\t\t\t\t\t<h2 class=\"call-to-action__title\">\n\t\t\t\t\t\t\tAutovermietung in THESSALONIKI (Stadt und Flughafen SKG) &amp; CHALKIDIKI\t\t\t\t\t\t<\/h2>\n\t\t\t\t\t\t\t\t\t\t\t\t<p class=\"call-to-action__subtitle\">\n\t\t\t\t\t\t\tSicher - Neu - Zuverl\u00e4ssig - G\u00fcnstige Mietwagen in MAZEDONIEN GRIECHENLAND\t\t\t\t\t\t<\/p>\n\t\t\t\t\t\t\t\t\t\t\t<\/div>\n\t\t\t\t\t<div class=\"call-to-action__button\">\n\t\t\t\t\t\t<a class=\"btn  btn-primary\" href=\"https:\/\/yourcar.rentals\/de\/book-cars\/\" target=\"_self\"><i class=\"fa fa-phone\"><\/i>  buchen Sie jetzt<\/a>\t\t\t\t\t<\/div>\n\t\t\t\t<\/div>\n\t\t\t<\/div><\/div><\/div><\/div><\/div><div id=\"pg-2842-7\"  class=\"panel-grid panel-no-style\" ><div id=\"pgc-2842-7-0\"  class=\"panel-grid-cell\" ><div id=\"panel-2842-7-0-0\" class=\"so-panel widget widget_sow-editor panel-first-child\" data-index=\"21\" ><div\n\t\t\t\n\t\t\tclass=\"so-widget-sow-editor so-widget-sow-editor-base\"\n\t\t\t\n\t\t>\n<div class=\"siteorigin-widget-tinymce textwidget\">\n\t<hr \/>\n<\/div>\n<\/div><\/div><div id=\"panel-2842-7-0-1\" class=\"so-panel widget widget_sow-editor\" data-index=\"22\" ><div\n\t\t\t\n\t\t\tclass=\"so-widget-sow-editor so-widget-sow-editor-base\"\n\t\t\t\n\t\t>\n<div class=\"siteorigin-widget-tinymce textwidget\">\n\t<h3 style=\"text-align: center; color: #0d6ed5;\">Luxuri\u00f6se Premium-Mietwagen werden zu \u00fcberraschenden Preisen angeboten!<\/h3>\n<\/div>\n<\/div><\/div><div id=\"panel-2842-7-0-2\" class=\"so-panel widget widget_sow-image\" data-index=\"23\" ><div class=\"luxurious-cars-rental panel-widget-style panel-widget-style-for-2842-7-0-2\" id=\"luxurious-cars-rental\" ><div\n\t\t\t\n\t\t\tclass=\"so-widget-sow-image so-widget-sow-image-default-113ccd71f3e6-2842\"\n\t\t\t\n\t\t>\n<div class=\"sow-image-container\">\n\t\t<img \n\tsrc=\"https:\/\/yourcar.rentals\/wp-content\/uploads\/01-luxurious-cars-for-rent-thessaloniki-airport-halkidiki-2-1150x315-1.jpg\" width=\"1150\" height=\"315\" srcset=\"https:\/\/yourcar.rentals\/wp-content\/uploads\/01-luxurious-cars-for-rent-thessaloniki-airport-halkidiki-2-1150x315-1.jpg 1150w, https:\/\/yourcar.rentals\/wp-content\/uploads\/01-luxurious-cars-for-rent-thessaloniki-airport-halkidiki-2-1150x315-1-300x82.jpg 300w, https:\/\/yourcar.rentals\/wp-content\/uploads\/01-luxurious-cars-for-rent-thessaloniki-airport-halkidiki-2-1150x315-1-1024x280.jpg 1024w, https:\/\/yourcar.rentals\/wp-content\/uploads\/01-luxurious-cars-for-rent-thessaloniki-airport-halkidiki-2-1150x315-1-768x210.jpg 768w, https:\/\/yourcar.rentals\/wp-content\/uploads\/01-luxurious-cars-for-rent-thessaloniki-airport-halkidiki-2-1150x315-1-18x5.jpg 18w\" sizes=\"(max-width: 1150px) 100vw, 1150px\" title=\"Luxurious cars for rent in Thessaloniki Macedonia Greece\" alt=\"Luxuri\u00f6se Premium-Mietwagen werden zu \u00fcberraschenden Preisen angeboten\" \t\tclass=\"so-widget-image\"\/>\n\t<\/div>\n\n<\/div><\/div><\/div><div id=\"panel-2842-7-0-3\" class=\"so-panel widget widget_sow-editor panel-last-child\" data-index=\"24\" ><div\n\t\t\t\n\t\t\tclass=\"so-widget-sow-editor so-widget-sow-editor-base\"\n\t\t\t\n\t\t>\n<div class=\"siteorigin-widget-tinymce textwidget\">\n\t<p style=\"text-align: center;\">...erhalten Sie ein kostenloses Angebot f\u00fcr unseren Luxus-Mietwagenservice in Thessaloniki \u2013 Chalkidiki \u2013 Flughafen Thessaloniki<\/p>\n<\/div>\n<\/div><\/div><\/div><\/div><\/div>","protected":false},"excerpt":{"rendered":"<p>Mieten Sie ein Auto in THESSALONIKI \u2013 Flughafen THESSALONIKI &amp; CHALKIDIK (Chalkidiki). Hyundai i20-Mietwagen der KATEGORIE A \u2013 Hyundai i20 ECONOMY-Mietwagen. Buchen Sie Ihr Auto. Chevrolet Aveo-Mietwagen. KATEGORIE A \u2013 Chevrolet Aveo ECONOMY-Mietwagen. Buchen Sie Ihr Auto der FIAT Panda-KATEGORIE A \u2013 FIAT Panda ECONOMY Autos f\u00fcr \u2026<\/p>","protected":false},"author":1,"featured_media":0,"parent":0,"menu_order":0,"comment_status":"closed","ping_status":"closed","template":"","meta":{"_acf_changed":false,"footnotes":""},"class_list":{"0":"post-2842","1":"page","2":"type-page","3":"status-publish","5":"clearfix","6":"article"},"acf":[],"_links":{"self":[{"href":"https:\/\/yourcar.rentals\/de\/wp-json\/wp\/v2\/pages\/2842","targetHints":{"allow":["GET"]}}],"collection":[{"href":"https:\/\/yourcar.rentals\/de\/wp-json\/wp\/v2\/pages"}],"about":[{"href":"https:\/\/yourcar.rentals\/de\/wp-json\/wp\/v2\/types\/page"}],"author":[{"embeddable":true,"href":"https:\/\/yourcar.rentals\/de\/wp-json\/wp\/v2\/users\/1"}],"replies":[{"embeddable":true,"href":"https:\/\/yourcar.rentals\/de\/wp-json\/wp\/v2\/comments?post=2842"}],"version-history":[{"count":0,"href":"https:\/\/yourcar.rentals\/de\/wp-json\/wp\/v2\/pages\/2842\/revisions"}],"wp:attachment":[{"href":"https:\/\/yourcar.rentals\/de\/wp-json\/wp\/v2\/media?parent=2842"}],"curies":[{"name":"wp","href":"https:\/\/api.w.org\/{rel}","templated":true}]}}